{"id":3947,"date":"2014-05-14T02:13:35","date_gmt":"2014-05-14T02:13:35","guid":{"rendered":"http:\/\/vra-bc.com\/?page_id=3947"},"modified":"2014-05-14T07:53:02","modified_gmt":"2014-05-14T07:53:02","slug":"past-events","status":"publish","type":"page","link":"https:\/\/vra-bc.com\/ro\/toate-evenimentele\/past-events\/","title":{"rendered":"Evenimente Trecute"},"content":{"rendered":"<div  class='av-alb-blogposts template-blog  av-blog-meta-author-disabled av-blog-meta-category-disabled av-blog-meta-html-info-disabled '  itemscope=\"itemscope\" itemtype=\"https:\/\/schema.org\/Blog\" ><article class=\"post-entry post-entry-type-standard post-entry-5417 post-loop-1 post-parity-odd single-small post with-slider post-5417 event type-event status-publish has-post-thumbnail hentry\"  itemscope=\"itemscope\" itemtype=\"https:\/\/schema.org\/CreativeWork\" ><div class=\"blog-meta\"><a href='https:\/\/vra-bc.com\/ro\/events\/balul-martisorului\/' class='small-preview'  title=\"Balul Martisorului\"   itemprop=\"image\" itemscope=\"itemscope\" itemtype=\"https:\/\/schema.org\/ImageObject\" ><img width=\"180\" height=\"180\" src=\"https:\/\/vra-bc.com\/wp-content\/uploads\/2017\/01\/Balul-Martisorului-180x180.jpg\" class=\"wp-image-5512 avia-img-lazy-loading-not-5512 attachment-square size-square wp-post-image\" alt=\"\" \/><span class=\"iconfont\" aria-hidden='true' data-av_icon='\ue836' data-av_iconfont='entypo-fontello'><\/span><\/a><\/div><div class='entry-content-wrapper clearfix standard-content'><header class=\"entry-content-header\"><h2 class='post-title entry-title '  itemprop=\"headline\" ><a href=\"https:\/\/vra-bc.com\/ro\/events\/balul-martisorului\/\" rel=\"bookmark\" title=\"Link permanent: Balul M\u0103r\u021bi\u0219orului\">Balul M\u0103r\u021bi\u0219orului<span class=\"post-format-icon minor-meta\"><\/span><\/a><\/h2><span class=\"post-meta-infos\"><time class=\"date-container minor-meta updated\"  itemprop=\"datePublished\" datetime=\"2017-03-04T18:30:00-08:00\" >March 4, 2017<\/time><\/span><\/header><div class=\"entry-content\"  itemprop=\"text\" ><p>Pe uli\u021bi de suflet se sting \u00eencet zvonuri de colind\u0103, \u00eembr\u0103\u021bi\u0219\u00e2nd cu aripi de z\u0103pad\u0103 semnele noului an:  bun\u0103stare, bel\u0219ug, s\u0103n\u0103tate \u0219i frumuse\u021be spiritual\u0103, rev\u0103rsate din plin \u00een casele, familiile \u0219i inimile noastre.<\/p>\n<div class=\"read-more-link\"><a href=\"https:\/\/vra-bc.com\/ro\/events\/balul-martisorului\/\" class=\"more-link\">Cite\u0219te mai mult<span class=\"more-link-arrow\"><\/span><\/a><\/div>\n<\/div><footer class=\"entry-footer\"><\/footer><div class='post_delimiter'><\/div><\/div><div class=\"post_author_timeline\"><\/div><span class='hidden'>\n\t\t\t\t<span class='av-structured-data'  itemprop=\"image\" itemscope=\"itemscope\" itemtype=\"https:\/\/schema.org\/ImageObject\" >\n\t\t\t\t\t\t<span itemprop='url'>https:\/\/vra-bc.com\/wp-content\/uploads\/2017\/01\/Balul-Martisorului.jpg<\/span>\n\t\t\t\t\t\t<span itemprop='height'>600<\/span>\n\t\t\t\t\t\t<span itemprop='width'>800<\/span>\n\t\t\t\t<\/span>\n\t\t\t\t<span class='av-structured-data'  itemprop=\"publisher\" itemtype=\"https:\/\/schema.org\/Organization\" itemscope=\"itemscope\" >\n\t\t\t\t\t\t<span itemprop='name'>Vancouver Romanian Association<\/span>\n\t\t\t\t\t\t<span itemprop='logo' itemscope itemtype='https:\/\/schema.org\/ImageObject'>\n\t\t\t\t\t\t\t<span itemprop='url'>\/wp-content\/uploads\/2013\/04\/logo.png<\/span>\n\t\t\t\t\t\t <\/span>\n\t\t\t\t<\/span><span class='av-structured-data'  itemprop=\"author\" itemscope=\"itemscope\" itemtype=\"https:\/\/schema.org\/Person\" ><span itemprop='name'>Vancouver Romanian Association<\/span><\/span><span class='av-structured-data'  itemprop=\"datePublished\" datetime=\"2017-03-04T18:30:00-08:00\" >2017-01-19 21:03:48<\/span><span class='av-structured-data'  itemprop=\"dateModified\" itemtype=\"https:\/\/schema.org\/dateModified\" >2017-02-22 15:54:19<\/span><span class='av-structured-data'  itemprop=\"mainEntityOfPage\" itemtype=\"https:\/\/schema.org\/mainEntityOfPage\" ><span itemprop='name'>Balul M\u0103r\u021bi\u0219orului<\/span><\/span><\/span><\/article><article class=\"post-entry post-entry-type-standard post-entry-4948 post-loop-2 post-parity-even single-small post with-slider post-4948 event type-event status-publish has-post-thumbnail hentry\"  itemscope=\"itemscope\" itemtype=\"https:\/\/schema.org\/CreativeWork\" ><div class=\"blog-meta\"><a href='https:\/\/vra-bc.com\/ro\/events\/teo-milea-piano-stories\/' class='small-preview'  title=\"Poster Teo Milea\"   itemprop=\"image\" itemscope=\"itemscope\" itemtype=\"https:\/\/schema.org\/ImageObject\" ><img width=\"180\" height=\"180\" src=\"https:\/\/vra-bc.com\/wp-content\/uploads\/2016\/09\/Final-Poster-Teo-Milea-Web-180x180.jpg\" class=\"wp-image-5207 avia-img-lazy-loading-not-5207 attachment-square size-square wp-post-image\" alt=\"\" \/><span class=\"iconfont\" aria-hidden='true' data-av_icon='\ue836' data-av_iconfont='entypo-fontello'><\/span><\/a><\/div><div class='entry-content-wrapper clearfix standard-content'><header class=\"entry-content-header\"><h2 class='post-title entry-title '  itemprop=\"headline\" ><a href=\"https:\/\/vra-bc.com\/ro\/events\/teo-milea-piano-stories\/\" rel=\"bookmark\" title=\"Link permanent: Teo Milea: My Piano Stories\">Teo Milea: My Piano Stories<span class=\"post-format-icon minor-meta\"><\/span><\/a><\/h2><span class=\"post-meta-infos\"><time class=\"date-container minor-meta updated\"  itemprop=\"datePublished\" datetime=\"2016-10-09T18:00:00-07:00\" >October 9, 2016<\/time><\/span><\/header><div class=\"entry-content\"  itemprop=\"text\" ><p>Toronto-based pianist Teo Milea brings to the audience a creation that successfully combines the specific of two worlds: the classical and the new one, of the 21th century.<\/p>\n<div class=\"read-more-link\"><a href=\"https:\/\/vra-bc.com\/ro\/events\/teo-milea-piano-stories\/\" class=\"more-link\">Cite\u0219te mai mult<span class=\"more-link-arrow\"><\/span><\/a><\/div>\n<\/div><footer class=\"entry-footer\"><\/footer><div class='post_delimiter'><\/div><\/div><div class=\"post_author_timeline\"><\/div><span class='hidden'>\n\t\t\t\t<span class='av-structured-data'  itemprop=\"image\" itemscope=\"itemscope\" itemtype=\"https:\/\/schema.org\/ImageObject\" >\n\t\t\t\t\t\t<span itemprop='url'>https:\/\/vra-bc.com\/wp-content\/uploads\/2016\/09\/Final-Poster-Teo-Milea-Web.jpg<\/span>\n\t\t\t\t\t\t<span itemprop='height'>1080<\/span>\n\t\t\t\t\t\t<span itemprop='width'>764<\/span>\n\t\t\t\t<\/span>\n\t\t\t\t<span class='av-structured-data'  itemprop=\"publisher\" itemtype=\"https:\/\/schema.org\/Organization\" itemscope=\"itemscope\" >\n\t\t\t\t\t\t<span itemprop='name'>Vancouver Romanian Association<\/span>\n\t\t\t\t\t\t<span itemprop='logo' itemscope itemtype='https:\/\/schema.org\/ImageObject'>\n\t\t\t\t\t\t\t<span itemprop='url'>\/wp-content\/uploads\/2013\/04\/logo.png<\/span>\n\t\t\t\t\t\t <\/span>\n\t\t\t\t<\/span><span class='av-structured-data'  itemprop=\"author\" itemscope=\"itemscope\" itemtype=\"https:\/\/schema.org\/Person\" ><span itemprop='name'>Vancouver Romanian Association<\/span><\/span><span class='av-structured-data'  itemprop=\"datePublished\" datetime=\"2016-10-09T18:00:00-07:00\" >2016-09-20 08:42:31<\/span><span class='av-structured-data'  itemprop=\"dateModified\" itemtype=\"https:\/\/schema.org\/dateModified\" >2016-11-10 21:53:43<\/span><span class='av-structured-data'  itemprop=\"mainEntityOfPage\" itemtype=\"https:\/\/schema.org\/mainEntityOfPage\" ><span itemprop='name'>Teo Milea: My Piano Stories<\/span><\/span><\/span><\/article><article class=\"post-entry post-entry-type-standard post-entry-4915 post-loop-3 post-parity-odd single-small post with-slider post-4915 event type-event status-publish has-post-thumbnail hentry event-categories-evenimente-trecute\"  itemscope=\"itemscope\" itemtype=\"https:\/\/schema.org\/CreativeWork\" ><div class=\"blog-meta\"><a href='https:\/\/vra-bc.com\/ro\/events\/90s-fever-party\/' class='small-preview'  title=\"Poster 90s Fever Party\"   itemprop=\"image\" itemscope=\"itemscope\" itemtype=\"https:\/\/schema.org\/ImageObject\" ><img width=\"180\" height=\"180\" src=\"https:\/\/vra-bc.com\/wp-content\/uploads\/2016\/04\/poster-90s-fever-party-180x180.jpg\" class=\"wp-image-4911 avia-img-lazy-loading-not-4911 attachment-square size-square wp-post-image\" alt=\"Poster 90s Fever Party\" \/><span class=\"iconfont\" aria-hidden='true' data-av_icon='\ue836' data-av_iconfont='entypo-fontello'><\/span><\/a><\/div><div class='entry-content-wrapper clearfix standard-content'><header class=\"entry-content-header\"><h2 class='post-title entry-title '  itemprop=\"headline\" ><a href=\"https:\/\/vra-bc.com\/ro\/events\/90s-fever-party\/\" rel=\"bookmark\" title=\"Link permanent: 90&#8217;s Fever Party\">90&#8217;s Fever Party<span class=\"post-format-icon minor-meta\"><\/span><\/a><\/h2><span class=\"post-meta-infos\"><time class=\"date-container minor-meta updated\"  itemprop=\"datePublished\" datetime=\"2016-05-14T19:00:00-07:00\" >May 14, 2016<\/time><\/span><\/header><div class=\"entry-content\"  itemprop=\"text\" ><p>Pentru ca nu avem nevoie de motive sa ne simtim bine, si pentru ca vrem sa dam startul la inca un sezon de vara minunat, Vancouver Romanian Association are placerea de a va oferi prima sa petrecere in stil Retro.<\/p>\n<div class=\"read-more-link\"><a href=\"https:\/\/vra-bc.com\/ro\/events\/90s-fever-party\/\" class=\"more-link\">Cite\u0219te mai mult<span class=\"more-link-arrow\"><\/span><\/a><\/div>\n<\/div><footer class=\"entry-footer\"><\/footer><div class='post_delimiter'><\/div><\/div><div class=\"post_author_timeline\"><\/div><span class='hidden'>\n\t\t\t\t<span class='av-structured-data'  itemprop=\"image\" itemscope=\"itemscope\" itemtype=\"https:\/\/schema.org\/ImageObject\" >\n\t\t\t\t\t\t<span itemprop='url'>https:\/\/vra-bc.com\/wp-content\/uploads\/2016\/04\/poster-90s-fever-party.jpg<\/span>\n\t\t\t\t\t\t<span itemprop='height'>770<\/span>\n\t\t\t\t\t\t<span itemprop='width'>1399<\/span>\n\t\t\t\t<\/span>\n\t\t\t\t<span class='av-structured-data'  itemprop=\"publisher\" itemtype=\"https:\/\/schema.org\/Organization\" itemscope=\"itemscope\" >\n\t\t\t\t\t\t<span itemprop='name'>Vancouver Romanian Association<\/span>\n\t\t\t\t\t\t<span itemprop='logo' itemscope itemtype='https:\/\/schema.org\/ImageObject'>\n\t\t\t\t\t\t\t<span itemprop='url'>\/wp-content\/uploads\/2013\/04\/logo.png<\/span>\n\t\t\t\t\t\t <\/span>\n\t\t\t\t<\/span><span class='av-structured-data'  itemprop=\"author\" itemscope=\"itemscope\" itemtype=\"https:\/\/schema.org\/Person\" ><span itemprop='name'>Vancouver Romanian Association<\/span><\/span><span class='av-structured-data'  itemprop=\"datePublished\" datetime=\"2016-05-14T19:00:00-07:00\" >2016-04-19 00:34:18<\/span><span class='av-structured-data'  itemprop=\"dateModified\" itemtype=\"https:\/\/schema.org\/dateModified\" >2016-05-16 19:39:59<\/span><span class='av-structured-data'  itemprop=\"mainEntityOfPage\" itemtype=\"https:\/\/schema.org\/mainEntityOfPage\" ><span itemprop='name'>90&#8217;s Fever Party<\/span><\/span><\/span><\/article><article class=\"post-entry post-entry-type-standard post-entry-4855 post-loop-4 post-parity-even single-small post with-slider post-4855 event type-event status-publish has-post-thumbnail hentry\"  itemscope=\"itemscope\" itemtype=\"https:\/\/schema.org\/CreativeWork\" ><div class=\"blog-meta\"><a href='https:\/\/vra-bc.com\/ro\/events\/ziua-femeii-2016\/' class='small-preview'  title=\"Womens-Day-Poster\"   itemprop=\"image\" itemscope=\"itemscope\" itemtype=\"https:\/\/schema.org\/ImageObject\" ><img width=\"180\" height=\"180\" src=\"https:\/\/vra-bc.com\/wp-content\/uploads\/2016\/02\/Womens-Day-Poster-180x180.jpg\" class=\"wp-image-4852 avia-img-lazy-loading-not-4852 attachment-square size-square wp-post-image\" alt=\"\" \/><span class=\"iconfont\" aria-hidden='true' data-av_icon='\ue836' data-av_iconfont='entypo-fontello'><\/span><\/a><\/div><div class='entry-content-wrapper clearfix standard-content'><header class=\"entry-content-header\"><h2 class='post-title entry-title '  itemprop=\"headline\" ><a href=\"https:\/\/vra-bc.com\/ro\/events\/ziua-femeii-2016\/\" rel=\"bookmark\" title=\"Link permanent: Ziua Femeii 2016\">Ziua Femeii 2016<span class=\"post-format-icon minor-meta\"><\/span><\/a><\/h2><span class=\"post-meta-infos\"><time class=\"date-container minor-meta updated\"  itemprop=\"datePublished\" datetime=\"2016-03-05T19:00:00-08:00\" >March 5, 2016<\/time><\/span><\/header><div class=\"entry-content\"  itemprop=\"text\" ><p>Pe data de 5 martie, VRA organizeaza o seara de neuitat dedicata in principal femeilor. Evenimentul va avea loc la Restaurantul Stefanos din New Westminster incepand cu orele 19:00 si pana la miezul noptii. <\/p>\n<div class=\"read-more-link\"><a href=\"https:\/\/vra-bc.com\/ro\/events\/ziua-femeii-2016\/\" class=\"more-link\">Cite\u0219te mai mult<span class=\"more-link-arrow\"><\/span><\/a><\/div>\n<\/div><footer class=\"entry-footer\"><\/footer><div class='post_delimiter'><\/div><\/div><div class=\"post_author_timeline\"><\/div><span class='hidden'>\n\t\t\t\t<span class='av-structured-data'  itemprop=\"image\" itemscope=\"itemscope\" itemtype=\"https:\/\/schema.org\/ImageObject\" >\n\t\t\t\t\t\t<span itemprop='url'>https:\/\/vra-bc.com\/wp-content\/uploads\/2016\/02\/Womens-Day-Poster.jpg<\/span>\n\t\t\t\t\t\t<span itemprop='height'>842<\/span>\n\t\t\t\t\t\t<span itemprop='width'>1404<\/span>\n\t\t\t\t<\/span>\n\t\t\t\t<span class='av-structured-data'  itemprop=\"publisher\" itemtype=\"https:\/\/schema.org\/Organization\" itemscope=\"itemscope\" >\n\t\t\t\t\t\t<span itemprop='name'>Vancouver Romanian Association<\/span>\n\t\t\t\t\t\t<span itemprop='logo' itemscope itemtype='https:\/\/schema.org\/ImageObject'>\n\t\t\t\t\t\t\t<span itemprop='url'>\/wp-content\/uploads\/2013\/04\/logo.png<\/span>\n\t\t\t\t\t\t <\/span>\n\t\t\t\t<\/span><span class='av-structured-data'  itemprop=\"author\" itemscope=\"itemscope\" itemtype=\"https:\/\/schema.org\/Person\" ><span itemprop='name'>Vancouver Romanian Association<\/span><\/span><span class='av-structured-data'  itemprop=\"datePublished\" datetime=\"2016-03-05T19:00:00-08:00\" >2016-02-02 18:16:15<\/span><span class='av-structured-data'  itemprop=\"dateModified\" itemtype=\"https:\/\/schema.org\/dateModified\" >2016-02-09 14:05:53<\/span><span class='av-structured-data'  itemprop=\"mainEntityOfPage\" itemtype=\"https:\/\/schema.org\/mainEntityOfPage\" ><span itemprop='name'>Ziua Femeii 2016<\/span><\/span><\/span><\/article><article class=\"post-entry post-entry-type-standard post-entry-4684 post-loop-5 post-parity-odd post-entry-last single-small post with-slider post-4684 event type-event status-publish has-post-thumbnail hentry event-tags-ping-pong-ro event-tags-premii event-tags-vra-challange-cup\"  itemscope=\"itemscope\" itemtype=\"https:\/\/schema.org\/CreativeWork\" ><div class=\"blog-meta\"><a href='https:\/\/vra-bc.com\/ro\/events\/vra-challenge-cup-2015-2\/' class='small-preview'  title=\"ping-pong-thumb\"   itemprop=\"image\" itemscope=\"itemscope\" itemtype=\"https:\/\/schema.org\/ImageObject\" ><img width=\"180\" height=\"180\" src=\"https:\/\/vra-bc.com\/wp-content\/uploads\/2014\/11\/ping-pong-thumb-180x180.jpg\" class=\"wp-image-4353 avia-img-lazy-loading-not-4353 attachment-square size-square wp-post-image\" alt=\"\" \/><span class=\"iconfont\" aria-hidden='true' data-av_icon='\ue836' data-av_iconfont='entypo-fontello'><\/span><\/a><\/div><div class='entry-content-wrapper clearfix standard-content'><header class=\"entry-content-header\"><h2 class='post-title entry-title '  itemprop=\"headline\" ><a href=\"https:\/\/vra-bc.com\/ro\/events\/vra-challenge-cup-2015-2\/\" rel=\"bookmark\" title=\"Link permanent: VRA Challenge Cup\">VRA Challenge Cup<span class=\"post-format-icon minor-meta\"><\/span><\/a><\/h2><span class=\"post-meta-infos\"><time class=\"date-container minor-meta updated\"  itemprop=\"datePublished\" datetime=\"2015-11-22T10:30:00-08:00\" >November 22, 2015<\/time><\/span><\/header><div class=\"entry-content\"  itemprop=\"text\" ><p>Vancouver Roamanian Association va invita sa va lustruiti paletele de tenis de masa, sa va suflecati manecile si sa participati cu mic-cu mare si cu o galerie de sustinatori pe masura la turneul \u201cVRA Cup Challenge\u201c- Campionat de Ping-Pong.<\/p>\n<div class=\"read-more-link\"><a href=\"https:\/\/vra-bc.com\/ro\/events\/vra-challenge-cup-2015-2\/\" class=\"more-link\">Cite\u0219te mai mult<span class=\"more-link-arrow\"><\/span><\/a><\/div>\n<\/div><footer class=\"entry-footer\"><\/footer><div class='post_delimiter'><\/div><\/div><div class=\"post_author_timeline\"><\/div><span class='hidden'>\n\t\t\t\t<span class='av-structured-data'  itemprop=\"image\" itemscope=\"itemscope\" itemtype=\"https:\/\/schema.org\/ImageObject\" >\n\t\t\t\t\t\t<span itemprop='url'>https:\/\/vra-bc.com\/wp-content\/uploads\/2014\/11\/ping-pong-thumb.jpg<\/span>\n\t\t\t\t\t\t<span itemprop='height'>300<\/span>\n\t\t\t\t\t\t<span itemprop='width'>300<\/span>\n\t\t\t\t<\/span>\n\t\t\t\t<span class='av-structured-data'  itemprop=\"publisher\" itemtype=\"https:\/\/schema.org\/Organization\" itemscope=\"itemscope\" >\n\t\t\t\t\t\t<span itemprop='name'>Vancouver Romanian Association<\/span>\n\t\t\t\t\t\t<span itemprop='logo' itemscope itemtype='https:\/\/schema.org\/ImageObject'>\n\t\t\t\t\t\t\t<span itemprop='url'>\/wp-content\/uploads\/2013\/04\/logo.png<\/span>\n\t\t\t\t\t\t <\/span>\n\t\t\t\t<\/span><span class='av-structured-data'  itemprop=\"author\" itemscope=\"itemscope\" itemtype=\"https:\/\/schema.org\/Person\" ><span itemprop='name'>Vancouver Romanian Association<\/span><\/span><span class='av-structured-data'  itemprop=\"datePublished\" datetime=\"2015-11-22T10:30:00-08:00\" >2015-10-05 08:05:25<\/span><span class='av-structured-data'  itemprop=\"dateModified\" itemtype=\"https:\/\/schema.org\/dateModified\" >2015-11-23 07:37:33<\/span><span class='av-structured-data'  itemprop=\"mainEntityOfPage\" itemtype=\"https:\/\/schema.org\/mainEntityOfPage\" ><span itemprop='name'>VRA Challenge Cup<\/span><\/span><\/span><\/article><div class='single-small'><nav class='pagination'><span class='pagination-meta'>Pagina 1 din 3<\/span><span class='current'>1<\/span><a href='https:\/\/vra-bc.com\/ro\/wp-json\/wp\/v2\/pages\/3947\/page\/2\/' class='inactive next_page' >2<\/a><a href='https:\/\/vra-bc.com\/ro\/wp-json\/wp\/v2\/pages\/3947\/page\/3\/' class='inactive' >3<\/a><\/nav>\n<\/div><\/div>\n","protected":false},"excerpt":{"rendered":"","protected":false},"author":310,"featured_media":0,"parent":3925,"menu_order":0,"comment_status":"closed","ping_status":"open","template":"","meta":[],"yoast_head":"<!-- This site is optimized with the Yoast SEO plugin v19.3 - https:\/\/yoast.com\/wordpress\/plugins\/seo\/ -->\n<title>Evenimente Trecute &raquo; Vancouver Romanian Association<\/title>\n<meta name=\"robots\" content=\"index, follow, max-snippet:-1, max-image-preview:large, max-video-preview:-1\" \/>\n<link rel=\"canonical\" href=\"https:\/\/vra-bc.com\/ro\/toate-evenimentele\/past-events\/\" \/>\n<meta property=\"og:locale\" content=\"ro_RO\" \/>\n<meta property=\"og:type\" content=\"article\" \/>\n<meta property=\"og:title\" content=\"Evenimente Trecute &raquo; Vancouver Romanian Association\" \/>\n<meta property=\"og:url\" content=\"https:\/\/vra-bc.com\/ro\/toate-evenimentele\/past-events\/\" \/>\n<meta property=\"og:site_name\" content=\"Vancouver Romanian Association\" \/>\n<meta property=\"article:publisher\" content=\"http:\/\/www.facebook.com\/VancouverRomanianAssociation\" \/>\n<meta property=\"article:modified_time\" content=\"2014-05-14T07:53:02+00:00\" \/>\n<script type=\"application\/ld+json\" class=\"yoast-schema-graph\">{\"@context\":\"https:\/\/schema.org\",\"@graph\":[{\"@type\":\"WebSite\",\"@id\":\"https:\/\/vra-bc.com\/ro\/#website\",\"url\":\"https:\/\/vra-bc.com\/ro\/\",\"name\":\"Vancouver Romanian Association\",\"description\":\"Acasa\",\"potentialAction\":[{\"@type\":\"SearchAction\",\"target\":{\"@type\":\"EntryPoint\",\"urlTemplate\":\"https:\/\/vra-bc.com\/ro\/?s={search_term_string}\"},\"query-input\":\"required name=search_term_string\"}],\"inLanguage\":\"ro-RO\"},{\"@type\":\"WebPage\",\"@id\":\"https:\/\/vra-bc.com\/ro\/toate-evenimentele\/past-events\/\",\"url\":\"https:\/\/vra-bc.com\/ro\/toate-evenimentele\/past-events\/\",\"name\":\"Evenimente Trecute &raquo; Vancouver Romanian Association\",\"isPartOf\":{\"@id\":\"https:\/\/vra-bc.com\/ro\/#website\"},\"datePublished\":\"2014-05-14T02:13:35+00:00\",\"dateModified\":\"2014-05-14T07:53:02+00:00\",\"breadcrumb\":{\"@id\":\"https:\/\/vra-bc.com\/ro\/toate-evenimentele\/past-events\/#breadcrumb\"},\"inLanguage\":\"ro-RO\",\"potentialAction\":[{\"@type\":\"ReadAction\",\"target\":[\"https:\/\/vra-bc.com\/ro\/toate-evenimentele\/past-events\/\"]}]},{\"@type\":\"BreadcrumbList\",\"@id\":\"https:\/\/vra-bc.com\/ro\/toate-evenimentele\/past-events\/#breadcrumb\",\"itemListElement\":[{\"@type\":\"ListItem\",\"position\":1,\"name\":\"Home\",\"item\":\"https:\/\/vra-bc.com\/ro\/\"},{\"@type\":\"ListItem\",\"position\":2,\"name\":\"Evenimente\",\"item\":\"https:\/\/vra-bc.com\/ro\/toate-evenimentele\/\"},{\"@type\":\"ListItem\",\"position\":3,\"name\":\"Evenimente Trecute\"}]}]}<\/script>\n<!-- \/ Yoast SEO plugin. -->","yoast_head_json":{"title":"Evenimente Trecute &raquo; Vancouver Romanian Association","robots":{"index":"index","follow":"follow","max-snippet":"max-snippet:-1","max-image-preview":"max-image-preview:large","max-video-preview":"max-video-preview:-1"},"canonical":"https:\/\/vra-bc.com\/ro\/toate-evenimentele\/past-events\/","og_locale":"ro_RO","og_type":"article","og_title":"Evenimente Trecute &raquo; Vancouver Romanian Association","og_url":"https:\/\/vra-bc.com\/ro\/toate-evenimentele\/past-events\/","og_site_name":"Vancouver Romanian Association","article_publisher":"http:\/\/www.facebook.com\/VancouverRomanianAssociation","article_modified_time":"2014-05-14T07:53:02+00:00","schema":{"@context":"https:\/\/schema.org","@graph":[{"@type":"WebSite","@id":"https:\/\/vra-bc.com\/ro\/#website","url":"https:\/\/vra-bc.com\/ro\/","name":"Vancouver Romanian Association","description":"Acasa","potentialAction":[{"@type":"SearchAction","target":{"@type":"EntryPoint","urlTemplate":"https:\/\/vra-bc.com\/ro\/?s={search_term_string}"},"query-input":"required name=search_term_string"}],"inLanguage":"ro-RO"},{"@type":"WebPage","@id":"https:\/\/vra-bc.com\/ro\/toate-evenimentele\/past-events\/","url":"https:\/\/vra-bc.com\/ro\/toate-evenimentele\/past-events\/","name":"Evenimente Trecute &raquo; Vancouver Romanian Association","isPartOf":{"@id":"https:\/\/vra-bc.com\/ro\/#website"},"datePublished":"2014-05-14T02:13:35+00:00","dateModified":"2014-05-14T07:53:02+00:00","breadcrumb":{"@id":"https:\/\/vra-bc.com\/ro\/toate-evenimentele\/past-events\/#breadcrumb"},"inLanguage":"ro-RO","potentialAction":[{"@type":"ReadAction","target":["https:\/\/vra-bc.com\/ro\/toate-evenimentele\/past-events\/"]}]},{"@type":"BreadcrumbList","@id":"https:\/\/vra-bc.com\/ro\/toate-evenimentele\/past-events\/#breadcrumb","itemListElement":[{"@type":"ListItem","position":1,"name":"Home","item":"https:\/\/vra-bc.com\/ro\/"},{"@type":"ListItem","position":2,"name":"Evenimente","item":"https:\/\/vra-bc.com\/ro\/toate-evenimentele\/"},{"@type":"ListItem","position":3,"name":"Evenimente Trecute"}]}]}},"_links":{"self":[{"href":"https:\/\/vra-bc.com\/ro\/wp-json\/wp\/v2\/pages\/3947"}],"collection":[{"href":"https:\/\/vra-bc.com\/ro\/wp-json\/wp\/v2\/pages"}],"about":[{"href":"https:\/\/vra-bc.com\/ro\/wp-json\/wp\/v2\/types\/page"}],"author":[{"embeddable":true,"href":"https:\/\/vra-bc.com\/ro\/wp-json\/wp\/v2\/users\/310"}],"replies":[{"embeddable":true,"href":"https:\/\/vra-bc.com\/ro\/wp-json\/wp\/v2\/comments?post=3947"}],"version-history":[{"count":0,"href":"https:\/\/vra-bc.com\/ro\/wp-json\/wp\/v2\/pages\/3947\/revisions"}],"up":[{"embeddable":true,"href":"https:\/\/vra-bc.com\/ro\/wp-json\/wp\/v2\/pages\/3925"}],"wp:attachment":[{"href":"https:\/\/vra-bc.com\/ro\/wp-json\/wp\/v2\/media?parent=3947"}],"curies":[{"name":"wp","href":"https:\/\/api.w.org\/{rel}","templated":true}]}}